{"id":28463,"date":"2024-12-04T10:24:57","date_gmt":"2024-12-04T17:24:57","guid":{"rendered":"https:\/\/rmmfi.org\/event\/mercado-navideno-de-artesania\/"},"modified":"2024-12-16T13:39:35","modified_gmt":"2024-12-16T20:39:35","slug":"mercado-navideno-de-artesania","status":"publish","type":"tribe_events","link":"https:\/\/rmmfi.org\/es\/event\/mercado-navideno-de-artesania\/","title":{"rendered":"Mercado Navide\u00f1o de Artesan\u00eda"},"content":{"rendered":"<div  class=\"tribe-events-schedule tribe-clearfix\" >\n\t<p class=\"tribe-events-schedule__datetime\">\n\t\t<span class=\"tribe-events-schedule__date tribe-events-schedule__date--start\">\n\t\t\tVie, Dic 13\t\t<\/span>\n\n\t\t\t\t\t<span class=\"tribe-events-schedule__separator tribe-events-schedule__separator--date\">\n\t\t\t\t\t\t\t<\/span>\n\t\t\t<span class=\"tribe-events-schedule__time tribe-events-schedule__time--start\">\n\t\t\t\t16:00\t\t\t<\/span>\n\t\t\n\t\t\t\t\t\t\t\t\t<span class=\"tribe-events-schedule__separator tribe-events-schedule__separator--time\">\n\t\t\t\t\t &#8211; \t\t\t\t<\/span>\n\t\t\t\n\t\t\t\t\t\t\t<span class=\"tribe-events-schedule__time tribe-events-schedule__time--end\">\n\t\t\t\t\t20:00\t\t\t\t<\/span>\n\t\t\t\n\t\t\t\t\t\t<\/p>\n<\/div>\n\n<p>Las vacaciones ya est\u00e1n aqu\u00ed, y <span style=\"box-sizing: border-box; margin: 0px; padding: 0px;\">tenemos algo <em>muy especial<\/em> que compartir<\/span>. \u00a1Est\u00e1s invitado al <strong>Mercado Navide\u00f1o de Artesan\u00eda RMMFI!<\/strong> <\/p>\n\n<h2 class=\"wp-block-heading\">Detalles del evento<\/h2>\n\n<p>Fecha: Viernes, 13 de diciembre<br\/>Hora: 16:00 &#8211; 20:00<br\/>D\u00f3nde: Oficina de RMMFI (1824 N. Lincoln St., Denver, CO 80203)<br\/>Qu\u00e9 esperar: Un mercado con tesoros hechos a mano por empresarios de RMMFI<\/p>\n\n<p>\u00a1Celebra el esp\u00edritu del peque\u00f1o comercio estas fiestas en nuestro Mercado de Artesan\u00eda Navide\u00f1o RMMFI! Este evento especial es tu oportunidad para descubrir regalos \u00fanicos, apoyar a los empresarios locales y difundir un poco de alegr\u00eda navide\u00f1a. Desde regalos \u00fanicos a golosinas \u00fanicas, \u00a1seguro que encuentras algo que te alegre la temporada!  <\/p>\n\n<p>Es la oportunidad perfecta para iniciar tus compras navide\u00f1as y, al mismo tiempo, tener un impacto significativo en nuestra comunidad local. \u00a1Nos vemos all\u00ed! <\/p>\n<div  class=\"tribe-block tribe-block__event-price\" >\n\t\t<\/div>\n<div  class=\"tribe-block tribe-block__venue tribe-clearfix\" >\n\t\n\t\t\n\t<\/div>\n\t<div  class=\"tribe-block tribe-block__events-link\" >\n\t\t<div class=\"tribe-events tribe-common\">\n\t\t\t<div class=\"tribe-events-c-subscribe-dropdown__container\">\n\t\t\t\t<div class=\"tribe-events-c-subscribe-dropdown\">\n\t\t\t\t\t<div class=\"tribe-common-c-btn-border tribe-events-c-subscribe-dropdown__button\">\n\t\t\t\t\t\t<svg\n\t class=\"tribe-common-c-svgicon tribe-common-c-svgicon--cal-export tribe-events-c-subscribe-dropdown__export-icon\" \taria-hidden=\"true\"\n\tviewBox=\"0 0 23 17\"\n\txmlns=\"http:\/\/www.w3.org\/2000\/svg\"\n>\n\t<path fill-rule=\"evenodd\" clip-rule=\"evenodd\" d=\"M.128.896V16.13c0 .211.145.383.323.383h15.354c.179 0 .323-.172.323-.383V.896c0-.212-.144-.383-.323-.383H.451C.273.513.128.684.128.896Zm16 6.742h-.901V4.679H1.009v10.729h14.218v-3.336h.901V7.638ZM1.01 1.614h14.218v2.058H1.009V1.614Z\" \/>\n\t<path d=\"M20.5 9.846H8.312M18.524 6.953l2.89 2.909-2.855 2.855\" stroke-width=\"1.2\" stroke-linecap=\"round\" stroke-linejoin=\"round\"\/>\n<\/svg>\n\t\t\t\t\t\t<button\n\t\t\t\t\t\t\tclass=\"tribe-events-c-subscribe-dropdown__button-text\"\n\t\t\t\t\t\t\taria-expanded=\"false\"\n\t\t\t\t\t\t\taria-controls=\"tribe-events-subscribe-dropdown-content\"\n\t\t\t\t\t\t\taria-label=\"Ver enlaces para a\u00f1adir eventos al calendario\"\n\t\t\t\t\t\t>\n\t\t\t\t\t\t\tA\u00f1adir al calendario\t\t\t\t\t\t<\/button>\n\t\t\t\t\t\t<svg\n\t class=\"tribe-common-c-svgicon tribe-common-c-svgicon--caret-down tribe-events-c-subscribe-dropdown__button-icon\" \taria-hidden=\"true\"\n\tviewBox=\"0 0 10 7\"\n\txmlns=\"http:\/\/www.w3.org\/2000\/svg\"\n>\n\t<path fill-rule=\"evenodd\" clip-rule=\"evenodd\" d=\"M1.008.609L5 4.6 8.992.61l.958.958L5 6.517.05 1.566l.958-.958z\" class=\"tribe-common-c-svgicon__svg-fill\"\/>\n<\/svg>\n\t\t\t\t\t<\/div>\n\t\t\t\t\t<div id=\"tribe-events-subscribe-dropdown-content\" class=\"tribe-events-c-subscribe-dropdown__content\">\n\t\t\t\t\t\t<ul class=\"tribe-events-c-subscribe-dropdown__list\">\n\t\t\t\t\t\t\t\t\t\t\t\t\t\t\t<li class=\"tribe-events-c-subscribe-dropdown__list-item tribe-events-c-subscribe-dropdown__list-item--gcal\">\n\t\t\t\t\t\t\t\t\t<a\n\t\t\t\t\t\t\t\t\t\thref=\"https:\/\/www.google.com\/calendar\/event?action=TEMPLATE&#038;dates=20241213T160000\/20241213T200000&#038;text=Mercado%20Navide%C3%B1o%20de%20Artesan%C3%ADa&#038;details=%3Cp%3ELas+vacaciones+ya+est%C3%A1n+aqu%C3%AD%2C+y+%3Cspan+style%3D%22box-sizing%3A+border-box%3B+margin%3A+0px%3B+padding%3A+0px%3B%22%3Etenemos+algo+%3Cem%3Emuy+especial%3C%2Fem%3E+que+compartir%3C%2Fspan%3E.+%C2%A1Est%C3%A1s+invitado+al+%3Cstrong%3EMercado+Navide%C3%B1o+de+Artesan%C3%ADa+RMMFI%21%3C%2Fstrong%3E+%3C%2Fp%3E+%3Ch2+class%3D%22wp-block-heading%22%3EDetalles+del+evento%3C%2Fh2%3E%3Cp%3EFecha%3A+Viernes%2C+13+de+diciembre%3Cbr+%2F%3EHora%3A+16%3A00+-+20%3A00%3Cbr+%2F%3ED%C3%B3nde%3A+Oficina+de+RMMFI+%281824+N.+Lincoln+St.%2C+Denver%2C+CO+80203%29%3Cbr+%2F%3EQu%C3%A9+esperar%3A+Un+mercado+con+tesoros+hechos+a+mano+por+empresarios+de+RMMFI%3C%2Fp%3E+%3Cp%3E%C2%A1Celebra+el+esp%C3%ADritu+del+peque%C3%B1o+comercio+estas+fiestas+en+nuestro+Mercado+de+Artesan%C3%ADa+Navide%C3%B1o+RMMFI%21+Este+evento+especial+es+tu+oportunidad+para+descubrir+regalos+%C3%BAnicos%2C+apoyar+a+los+empresarios+locales+y+difundir+un+poco+de+alegr%C3%ADa+navide%C3%B1a.+Desde+regalos+%C3%BAnicos+a+golosinas+%C3%BAnicas%2C+%C2%A1seguro+que+encuentras+algo+que+te+alegre+la+temporada%21++%3C%2Fp%3E+%3Cp%3EEs+la+oportunidad+perfecta+para+iniciar+tus+compras+navide%C3%B1as+y%2C+al+mismo+tiempo%2C+tener+un+impacto+significativo+%3C%2Fp%3E+%28Ver+aqu%C3%AD+la+descripci%C3%B3n+completa+de+evento%3A+https%3A%2F%2Frmmfi.org%2Fes%2Fevent%2Fmercado-navideno-de-artesania%2F%29&#038;trp=false&#038;ctz=America\/Denver&#038;sprop=website:https:\/\/rmmfi.org\/es\/\"\n\t\t\t\t\t\t\t\t\t\tclass=\"tribe-events-c-subscribe-dropdown__list-item-link\"\n\t\t\t\t\t\t\t\t\t\ttarget=\"_blank\"\n\t\t\t\t\t\t\t\t\t\trel=\"noopener noreferrer nofollow noindex\"\n\t\t\t\t\t\t\t\t\t>\n\t\t\t\t\t\t\t\t\t\tGoogle Calendar\t\t\t\t\t\t\t\t\t<\/a>\n\t\t\t\t\t\t\t\t<\/li>\n\t\t\t\t\t\t\t\t\t\t\t\t\t\t\t<li class=\"tribe-events-c-subscribe-dropdown__list-item tribe-events-c-subscribe-dropdown__list-item--ical\">\n\t\t\t\t\t\t\t\t\t<a\n\t\t\t\t\t\t\t\t\t\thref=\"\"\n\t\t\t\t\t\t\t\t\t\tclass=\"tribe-events-c-subscribe-dropdown__list-item-link\"\n\t\t\t\t\t\t\t\t\t\ttarget=\"_blank\"\n\t\t\t\t\t\t\t\t\t\trel=\"noopener noreferrer nofollow noindex\"\n\t\t\t\t\t\t\t\t\t>\n\t\t\t\t\t\t\t\t\t\tiCalendar\t\t\t\t\t\t\t\t\t<\/a>\n\t\t\t\t\t\t\t\t<\/li>\n\t\t\t\t\t\t\t\t\t\t\t\t\t\t\t<li class=\"tribe-events-c-subscribe-dropdown__list-item tribe-events-c-subscribe-dropdown__list-item--outlook-365\">\n\t\t\t\t\t\t\t\t\t<a\n\t\t\t\t\t\t\t\t\t\thref=\"\"\n\t\t\t\t\t\t\t\t\t\tclass=\"tribe-events-c-subscribe-dropdown__list-item-link\"\n\t\t\t\t\t\t\t\t\t\ttarget=\"_blank\"\n\t\t\t\t\t\t\t\t\t\trel=\"noopener noreferrer nofollow noindex\"\n\t\t\t\t\t\t\t\t\t>\n\t\t\t\t\t\t\t\t\t\tOutlook 365\t\t\t\t\t\t\t\t\t<\/a>\n\t\t\t\t\t\t\t\t<\/li>\n\t\t\t\t\t\t\t\t\t\t\t\t\t\t\t<li class=\"tribe-events-c-subscribe-dropdown__list-item tribe-events-c-subscribe-dropdown__list-item--outlook-live\">\n\t\t\t\t\t\t\t\t\t<a\n\t\t\t\t\t\t\t\t\t\thref=\"\"\n\t\t\t\t\t\t\t\t\t\tclass=\"tribe-events-c-subscribe-dropdown__list-item-link\"\n\t\t\t\t\t\t\t\t\t\ttarget=\"_blank\"\n\t\t\t\t\t\t\t\t\t\trel=\"noopener noreferrer nofollow noindex\"\n\t\t\t\t\t\t\t\t\t>\n\t\t\t\t\t\t\t\t\t\tOutlook Live\t\t\t\t\t\t\t\t\t<\/a>\n\t\t\t\t\t\t\t\t<\/li>\n\t\t\t\t\t\t\t\t\t\t\t\t\t<\/ul>\n\t\t\t\t\t<\/div>\n\t\t\t\t<\/div>\n\t\t\t<\/div>\n\t\t<\/div>\n\t<\/div>\n\n\n<p><\/p>\n","protected":false},"excerpt":{"rendered":"<p>\u00a1Est\u00e1s invitado al Mercado Navide\u00f1o de Artesan\u00eda de RMMFI el viernes 13 de diciembre!<\/p>\n","protected":false},"author":4,"featured_media":0,"template":"","meta":{"_acf_changed":false,"_tec_requires_first_save":false,"_EventAllDay":false,"_EventTimezone":"America\/Denver","_EventStartDate":"2024-12-13 16:00:00","_EventEndDate":"2024-12-13 20:00:00","_EventStartDateUTC":"2024-12-13 23:00:00","_EventEndDateUTC":"2024-12-14 03:00:00","_EventShowMap":false,"_EventShowMapLink":false,"_EventURL":"","_EventCost":"","_EventCostDescription":"","_EventCurrencySymbol":"","_EventCurrencyCode":"","_EventCurrencyPosition":"","_EventDateTimeSeparator":"","_EventTimeRangeSeparator":"","_EventOrganizerID":[],"_EventVenueID":[],"_OrganizerEmail":"","_OrganizerPhone":"","_OrganizerWebsite":"","_VenueAddress":"","_VenueCity":"","_VenueCountry":"","_VenueProvince":"","_VenueState":"","_VenueZip":"","_VenuePhone":"","_VenueURL":"","_VenueStateProvince":"","_VenueLat":"","_VenueLng":"","_VenueShowMap":false,"_VenueShowMapLink":false,"_tribe_blocks_recurrence_rules":"","_tribe_blocks_recurrence_description":"","_tribe_blocks_recurrence_exclusions":"","_ecp_custom_2":"","_tribe_events_status":"","_tribe_events_status_reason":"","_tribe_events_is_hybrid":"","_tribe_events_is_virtual":"","_tribe_events_virtual_video_source":"","_tribe_events_virtual_embed_video":"","_tribe_events_virtual_linked_button_text":"","_tribe_events_virtual_linked_button":"","_tribe_events_virtual_show_embed_at":"","_tribe_events_virtual_show_embed_to":[],"_tribe_events_virtual_show_on_event":"","_tribe_events_virtual_show_on_views":"","_tribe_events_virtual_url":"","footnotes":""},"tags":[],"tribe_events_cat":[194],"event_tag":[157],"class_list":["post-28463","tribe_events","type-tribe_events","status-publish","hentry","tribe_events_cat-eventos-comunitarios","event_tag-area-metropolitana-de-denver","cat_eventos-comunitarios"],"acf":[],"yoast_head":"<!-- This site is optimized with the Yoast SEO plugin v27.4 - https:\/\/yoast.com\/product\/yoast-seo-wordpress\/ -->\n<title>Mercado Navide\u00f1o de Artesan\u00eda - RMMFI<\/title>\n<meta name=\"robots\" content=\"index, follow, max-snippet:-1, max-image-preview:large, max-video-preview:-1\" \/>\n<link rel=\"canonical\" href=\"https:\/\/rmmfi.org\/es\/event\/mercado-navideno-de-artesania\/\" \/>\n<meta property=\"og:locale\" content=\"es_ES\" \/>\n<meta property=\"og:type\" content=\"article\" \/>\n<meta property=\"og:title\" content=\"Mercado Navide\u00f1o de Artesan\u00eda - RMMFI\" \/>\n<meta property=\"og:description\" content=\"\u00a1Est\u00e1s invitado al Mercado Navide\u00f1o de Artesan\u00eda de RMMFI el viernes 13 de diciembre!\" \/>\n<meta property=\"og:url\" content=\"https:\/\/rmmfi.org\/es\/event\/mercado-navideno-de-artesania\/\" \/>\n<meta property=\"og:site_name\" content=\"RMMFI\" \/>\n<meta property=\"article:publisher\" content=\"https:\/\/www.facebook.com\/RMMFI\/\" \/>\n<meta property=\"article:modified_time\" content=\"2024-12-16T20:39:35+00:00\" \/>\n<meta name=\"twitter:card\" content=\"summary_large_image\" \/>\n<meta name=\"twitter:label1\" content=\"Tiempo de lectura\" \/>\n\t<meta name=\"twitter:data1\" content=\"1 minuto\" \/>\n<script type=\"application\/ld+json\" class=\"yoast-schema-graph\">{\"@context\":\"https:\\\/\\\/schema.org\",\"@graph\":[{\"@type\":\"WebPage\",\"@id\":\"https:\\\/\\\/rmmfi.org\\\/es\\\/event\\\/mercado-navideno-de-artesania\\\/\",\"url\":\"https:\\\/\\\/rmmfi.org\\\/es\\\/event\\\/mercado-navideno-de-artesania\\\/\",\"name\":\"Mercado Navide\u00f1o de Artesan\u00eda - RMMFI\",\"isPartOf\":{\"@id\":\"https:\\\/\\\/rmmfi.org\\\/es\\\/#website\"},\"datePublished\":\"2024-12-04T17:24:57+00:00\",\"dateModified\":\"2024-12-16T20:39:35+00:00\",\"breadcrumb\":{\"@id\":\"https:\\\/\\\/rmmfi.org\\\/es\\\/event\\\/mercado-navideno-de-artesania\\\/#breadcrumb\"},\"inLanguage\":\"es\",\"potentialAction\":[{\"@type\":\"ReadAction\",\"target\":[\"https:\\\/\\\/rmmfi.org\\\/es\\\/event\\\/mercado-navideno-de-artesania\\\/\"]}]},{\"@type\":\"BreadcrumbList\",\"@id\":\"https:\\\/\\\/rmmfi.org\\\/es\\\/event\\\/mercado-navideno-de-artesania\\\/#breadcrumb\",\"itemListElement\":[{\"@type\":\"ListItem\",\"position\":1,\"name\":\"Home\",\"item\":\"https:\\\/\\\/rmmfi.org\\\/es\\\/\"},{\"@type\":\"ListItem\",\"position\":2,\"name\":\"Eventos\",\"item\":\"https:\\\/\\\/rmmfi.org\\\/es\\\/events\\\/\"},{\"@type\":\"ListItem\",\"position\":3,\"name\":\"Mercado Navide\u00f1o de Artesan\u00eda\"}]},{\"@type\":\"WebSite\",\"@id\":\"https:\\\/\\\/rmmfi.org\\\/es\\\/#website\",\"url\":\"https:\\\/\\\/rmmfi.org\\\/es\\\/\",\"name\":\"RMMFI\",\"description\":\"Opportunity Through Entrepreneurship\",\"publisher\":{\"@id\":\"https:\\\/\\\/rmmfi.org\\\/es\\\/#organization\"},\"potentialAction\":[{\"@type\":\"SearchAction\",\"target\":{\"@type\":\"EntryPoint\",\"urlTemplate\":\"https:\\\/\\\/rmmfi.org\\\/es\\\/?s={search_term_string}\"},\"query-input\":{\"@type\":\"PropertyValueSpecification\",\"valueRequired\":true,\"valueName\":\"search_term_string\"}}],\"inLanguage\":\"es\"},{\"@type\":\"Organization\",\"@id\":\"https:\\\/\\\/rmmfi.org\\\/es\\\/#organization\",\"name\":\"RMMFI\",\"url\":\"https:\\\/\\\/rmmfi.org\\\/es\\\/\",\"logo\":{\"@type\":\"ImageObject\",\"inLanguage\":\"es\",\"@id\":\"https:\\\/\\\/rmmfi.org\\\/es\\\/#\\\/schema\\\/logo\\\/image\\\/\",\"url\":\"https:\\\/\\\/rmmfi.org\\\/wp-content\\\/uploads\\\/2024\\\/08\\\/Frame-11-1.svg\",\"contentUrl\":\"https:\\\/\\\/rmmfi.org\\\/wp-content\\\/uploads\\\/2024\\\/08\\\/Frame-11-1.svg\",\"width\":132,\"height\":50,\"caption\":\"RMMFI\"},\"image\":{\"@id\":\"https:\\\/\\\/rmmfi.org\\\/es\\\/#\\\/schema\\\/logo\\\/image\\\/\"},\"sameAs\":[\"https:\\\/\\\/www.facebook.com\\\/RMMFI\\\/\",\"https:\\\/\\\/www.instagram.com\\\/rmmfi\\\/\",\"https:\\\/\\\/www.linkedin.com\\\/company\\\/rmmfi\\\/\",\"https:\\\/\\\/www.youtube.com\\\/channel\\\/UCyMuFgxHWh-dgUVTjh8hG8g\"]}]}<\/script>\n<!-- \/ Yoast SEO plugin. -->","yoast_head_json":{"title":"Mercado Navide\u00f1o de Artesan\u00eda - RMMFI","robots":{"index":"index","follow":"follow","max-snippet":"max-snippet:-1","max-image-preview":"max-image-preview:large","max-video-preview":"max-video-preview:-1"},"canonical":"https:\/\/rmmfi.org\/es\/event\/mercado-navideno-de-artesania\/","og_locale":"es_ES","og_type":"article","og_title":"Mercado Navide\u00f1o de Artesan\u00eda - RMMFI","og_description":"\u00a1Est\u00e1s invitado al Mercado Navide\u00f1o de Artesan\u00eda de RMMFI el viernes 13 de diciembre!","og_url":"https:\/\/rmmfi.org\/es\/event\/mercado-navideno-de-artesania\/","og_site_name":"RMMFI","article_publisher":"https:\/\/www.facebook.com\/RMMFI\/","article_modified_time":"2024-12-16T20:39:35+00:00","twitter_card":"summary_large_image","twitter_misc":{"Tiempo de lectura":"1 minuto"},"schema":{"@context":"https:\/\/schema.org","@graph":[{"@type":"WebPage","@id":"https:\/\/rmmfi.org\/es\/event\/mercado-navideno-de-artesania\/","url":"https:\/\/rmmfi.org\/es\/event\/mercado-navideno-de-artesania\/","name":"Mercado Navide\u00f1o de Artesan\u00eda - RMMFI","isPartOf":{"@id":"https:\/\/rmmfi.org\/es\/#website"},"datePublished":"2024-12-04T17:24:57+00:00","dateModified":"2024-12-16T20:39:35+00:00","breadcrumb":{"@id":"https:\/\/rmmfi.org\/es\/event\/mercado-navideno-de-artesania\/#breadcrumb"},"inLanguage":"es","potentialAction":[{"@type":"ReadAction","target":["https:\/\/rmmfi.org\/es\/event\/mercado-navideno-de-artesania\/"]}]},{"@type":"BreadcrumbList","@id":"https:\/\/rmmfi.org\/es\/event\/mercado-navideno-de-artesania\/#breadcrumb","itemListElement":[{"@type":"ListItem","position":1,"name":"Home","item":"https:\/\/rmmfi.org\/es\/"},{"@type":"ListItem","position":2,"name":"Eventos","item":"https:\/\/rmmfi.org\/es\/events\/"},{"@type":"ListItem","position":3,"name":"Mercado Navide\u00f1o de Artesan\u00eda"}]},{"@type":"WebSite","@id":"https:\/\/rmmfi.org\/es\/#website","url":"https:\/\/rmmfi.org\/es\/","name":"RMMFI","description":"Opportunity Through Entrepreneurship","publisher":{"@id":"https:\/\/rmmfi.org\/es\/#organization"},"potentialAction":[{"@type":"SearchAction","target":{"@type":"EntryPoint","urlTemplate":"https:\/\/rmmfi.org\/es\/?s={search_term_string}"},"query-input":{"@type":"PropertyValueSpecification","valueRequired":true,"valueName":"search_term_string"}}],"inLanguage":"es"},{"@type":"Organization","@id":"https:\/\/rmmfi.org\/es\/#organization","name":"RMMFI","url":"https:\/\/rmmfi.org\/es\/","logo":{"@type":"ImageObject","inLanguage":"es","@id":"https:\/\/rmmfi.org\/es\/#\/schema\/logo\/image\/","url":"https:\/\/rmmfi.org\/wp-content\/uploads\/2024\/08\/Frame-11-1.svg","contentUrl":"https:\/\/rmmfi.org\/wp-content\/uploads\/2024\/08\/Frame-11-1.svg","width":132,"height":50,"caption":"RMMFI"},"image":{"@id":"https:\/\/rmmfi.org\/es\/#\/schema\/logo\/image\/"},"sameAs":["https:\/\/www.facebook.com\/RMMFI\/","https:\/\/www.instagram.com\/rmmfi\/","https:\/\/www.linkedin.com\/company\/rmmfi\/","https:\/\/www.youtube.com\/channel\/UCyMuFgxHWh-dgUVTjh8hG8g"]}]}},"_links":{"self":[{"href":"https:\/\/rmmfi.org\/es\/wp-json\/wp\/v2\/tribe_events\/28463","targetHints":{"allow":["GET"]}}],"collection":[{"href":"https:\/\/rmmfi.org\/es\/wp-json\/wp\/v2\/tribe_events"}],"about":[{"href":"https:\/\/rmmfi.org\/es\/wp-json\/wp\/v2\/types\/tribe_events"}],"author":[{"embeddable":true,"href":"https:\/\/rmmfi.org\/es\/wp-json\/wp\/v2\/users\/4"}],"version-history":[{"count":0,"href":"https:\/\/rmmfi.org\/es\/wp-json\/wp\/v2\/tribe_events\/28463\/revisions"}],"wp:attachment":[{"href":"https:\/\/rmmfi.org\/es\/wp-json\/wp\/v2\/media?parent=28463"}],"wp:term":[{"taxonomy":"post_tag","embeddable":true,"href":"https:\/\/rmmfi.org\/es\/wp-json\/wp\/v2\/tags?post=28463"},{"taxonomy":"tribe_events_cat","embeddable":true,"href":"https:\/\/rmmfi.org\/es\/wp-json\/wp\/v2\/tribe_events_cat?post=28463"},{"taxonomy":"event_tag","embeddable":true,"href":"https:\/\/rmmfi.org\/es\/wp-json\/wp\/v2\/event_tag?post=28463"}],"curies":[{"name":"wp","href":"https:\/\/api.w.org\/{rel}","templated":true}]}}